{"id":1106,"date":"2024-05-22T07:28:46","date_gmt":"2024-05-22T07:28:46","guid":{"rendered":"https:\/\/darafamilyoffice.com\/historia\/"},"modified":"2025-01-28T10:04:51","modified_gmt":"2025-01-28T10:04:51","slug":"historia","status":"publish","type":"page","link":"https:\/\/darafamilyoffice.com\/ca\/historia\/","title":{"rendered":"Hist\u00f2ria"},"content":{"rendered":"<div class=\"wpb-content-wrapper\">[vc_section full_width=&#8221;stretch_row&#8221; wpex_bg_overlay=&#8221;color&#8221; wpex_bg_overlay_color=&#8221;accent&#8221; wpex_bg_overlay_opacity=&#8221;0.9&#8243; css=&#8221;.vc_custom_1730368913163{padding-top: 80px !important;padding-bottom: 80px !important;background-image: url(https:\/\/darafamilyoffice.com\/wp-content\/uploads\/2024\/10\/title-header-bg.jpg?id=610) !important;background-position: center !important;background-repeat: no-repeat !important;background-size: cover !important;}&#8221;][vc_row remove_bottom_col_margin=&#8221;true&#8221;][vc_column]<style>.vcex-heading.vcex_69f2ebf957cee{color:var(--wpex-on-accent);font-size:32px;font-weight:300;text-transform:uppercase;}.vcex-heading.vcex_69f2ebf957cee .vcex-heading-side-border__border{border-color:rgba(255,255,255,0.47);}<\/style><h2 class=\"vcex-heading vcex-heading-side-border vcex-module wpex-heading wpex-text-2xl wpex-flex wpex-items-center wpex-text-left vcex_69f2ebf957cee\"><span class=\"vcex-heading-inner wpex-inline-block\">100 anys de Traject\u00f2ria<\/span><span class=\"vcex-heading-side-border__border wpex-flex-grow wpex-h-0 wpex-border-solid wpex-ml-15 wpex-border-b\"><\/span><\/h2>[\/vc_column][\/vc_row][\/vc_section][vc_section full_width=&#8221;stretch_row&#8221; css=&#8221;.vc_custom_1730709289194{padding-top: 80px !important;padding-bottom: 40px !important;}&#8221;][vc_row content_placement=&#8221;middle&#8221; remove_bottom_col_margin=&#8221;true&#8221; css=&#8221;.vc_custom_1730709317828{padding-bottom: 50px !important;}&#8221;][vc_column]<div class=\"vcex-column-side-border vcex-column-side-border--left wpex-hidden wpex-md-block wpex-absolute wpex-top-50 wpex-left-0 wpex-max-h-100 wpex-h-100 wpex-w-1px wpex-surface-4 -wpex-translate-xy-50 vcex-left\" style=\"width:5px;background:#dd4240;\"><\/div>[vc_column_text css=&#8221;.vc_custom_1730375205389{padding-left: 4% !important;}&#8221; font_size=&#8221;20px&#8221; font_family=&#8221;Montserrat&#8221; font_weight=&#8221;300&#8243;]La hist\u00f2ria de <strong>D&#8217;Ara Family Office<\/strong> \u00e9s la hist\u00f2ria d&#8217;una fam\u00edlia que, durant tres generacions, ha sabut construir el seu futur a base de treball, il\u00b7lusi\u00f3 i visi\u00f3 de negoci, assumint que perqu\u00e8 els somnis es facin realitat cal creure en ells.[\/vc_column_text][\/vc_column][\/vc_row][vc_row content_placement=&#8221;middle&#8221; column_spacing=&#8221;50&#8243;][vc_column width=&#8221;1\/2&#8243;][vc_column_text css=&#8221;&#8221; font_size=&#8221;18px&#8221; el_class=&#8221;justificar&#8221;]Al <strong>1924 Joan Clavel Vila,<\/strong> fundador de la saga familiar, va ser art\u00edfex de la posada en funcionament del primer establiment de venda i reparaci\u00f3 de motocicletes a Matar\u00f3, ciutat on els vincles empresarials i familiars s\u00f3n molt estrets. Al <strong>1960<\/strong> es va inaugurar el primer concessionari oficial Renault iniciant-se aix\u00ed el grup empresarial a l&#8217;automoci\u00f3 de vehicles de quatre rodes. Ja als anys 70 amb el boom i popularitzaci\u00f3 de la venda de cotxes i motocicletes i, en general, del m\u00f3n del motor, el seg\u00fcent pas -gaireb\u00e9 natural- de la fam\u00edlia Clavel va ser la incursi\u00f3 en l&#8217;\u00e0mbit de les benzineres.[\/vc_column_text][\/vc_column][vc_column width=&#8221;1\/2&#8243;]<figure class=\"vcex-image vcex-module\"><div class=\"vcex-image-inner wpex-relative wpex-inline-block wpex-image-hover opacity\"><img width=\"2560\" height=\"1771\" src=\"https:\/\/darafamilyoffice.com\/wp-content\/uploads\/2024\/07\/33082-JPG-017-scaled.jpg\" class=\"vcex-image-img wpex-align-middle\" alt=\"\" loading=\"lazy\" decoding=\"async\" srcset=\"https:\/\/darafamilyoffice.com\/wp-content\/uploads\/2024\/07\/33082-JPG-017-scaled.jpg 2560w, https:\/\/darafamilyoffice.com\/wp-content\/uploads\/2024\/07\/33082-JPG-017-300x208.jpg 300w, https:\/\/darafamilyoffice.com\/wp-content\/uploads\/2024\/07\/33082-JPG-017-1024x708.jpg 1024w, https:\/\/darafamilyoffice.com\/wp-content\/uploads\/2024\/07\/33082-JPG-017-768x531.jpg 768w, https:\/\/darafamilyoffice.com\/wp-content\/uploads\/2024\/07\/33082-JPG-017-1536x1063.jpg 1536w, https:\/\/darafamilyoffice.com\/wp-content\/uploads\/2024\/07\/33082-JPG-017-2048x1417.jpg 2048w\" sizes=\"auto, (max-width: 2560px) 100vw, 2560px\" \/><\/div><\/figure>[\/vc_column][\/vc_row][\/vc_section][vc_section full_width=&#8221;stretch_row&#8221; css=&#8221;.vc_custom_1730375305906{padding-top: 80px !important;padding-bottom: 80px !important;}&#8221;][vc_row content_placement=&#8221;middle&#8221; column_spacing=&#8221;50&#8243;][vc_column width=&#8221;1\/2&#8243;][vc_column_text css=&#8221;&#8221; font_size=&#8221;18px&#8221; el_class=&#8221;justificar&#8221;]Al <strong>1995<\/strong> , incorporada ja al negoci la tercera generaci\u00f3 de la fam\u00edlia Clavel, representada pels germans <strong>Clavel Jord\u00e0,<\/strong> es construeix sota el seu impuls i promoci\u00f3 un dels edificis m\u00e9s singulars de Matar\u00f3, la torre Auto d&#8217;Ara, que va albergar oficines, una estaci\u00f3 de servei i un nou concepte de concessionari multimarca per donar cobertura al Maresme i al Barcelon\u00e8s. A partir del 2006, la fam\u00edlia Clavel s&#8217;embarca en un proc\u00e9s de desinversi\u00f3, amb la finalitat de posar en marxa un nou concepte de Grup Empresarial Familiar \u201cFamily Office\u201d basat en la diversificaci\u00f3 d&#8217;inversions i la recerca constant de noves oportunitats de negoci.[\/vc_column_text][\/vc_column][vc_column width=&#8221;1\/2&#8243;]<figure class=\"vcex-image vcex-module\"><div class=\"vcex-image-inner wpex-relative wpex-inline-block wpex-image-hover opacity\"><img width=\"2560\" height=\"1706\" src=\"https:\/\/darafamilyoffice.com\/wp-content\/uploads\/2024\/07\/33082-JPG-003-scaled.jpg\" class=\"vcex-image-img wpex-align-middle\" alt=\"\" loading=\"lazy\" decoding=\"async\" srcset=\"https:\/\/darafamilyoffice.com\/wp-content\/uploads\/2024\/07\/33082-JPG-003-scaled.jpg 2560w, https:\/\/darafamilyoffice.com\/wp-content\/uploads\/2024\/07\/33082-JPG-003-300x200.jpg 300w, https:\/\/darafamilyoffice.com\/wp-content\/uploads\/2024\/07\/33082-JPG-003-1024x682.jpg 1024w, https:\/\/darafamilyoffice.com\/wp-content\/uploads\/2024\/07\/33082-JPG-003-768x512.jpg 768w, https:\/\/darafamilyoffice.com\/wp-content\/uploads\/2024\/07\/33082-JPG-003-1536x1024.jpg 1536w, https:\/\/darafamilyoffice.com\/wp-content\/uploads\/2024\/07\/33082-JPG-003-2048x1365.jpg 2048w\" sizes=\"auto, (max-width: 2560px) 100vw, 2560px\" \/><\/div><\/figure>[\/vc_column][\/vc_row][vc_row][vc_column][vc_column_text css=&#8221;&#8221; font_size=&#8221;18px&#8221; width=&#8221;850px&#8221;]\n<p style=\"text-align: center;\">Al <strong>2016<\/strong> s&#8217;inicien els processos d&#8217;inversi\u00f3 i canvi per transformar la <strong>Torre d&#8217;Ara en un Business Center<\/strong> amb l&#8217;edifici com a vaixell ins\u00edgnia del <strong>Grup Empresarial.<\/strong><\/p>\n<p style=\"text-align: center;\">Actualment i despr\u00e9s de <strong>100 anys, la Fam\u00edlia Clavel<\/strong> segueix desenvolupant un model d&#8217;empresa basat en la fam\u00edlia, amb capacitat per emprendre i continuar somiant.<\/p>\n[\/vc_column_text][\/vc_column][\/vc_row][\/vc_section][vc_section full_width=&#8221;stretch_row&#8221; css=&#8221;.vc_custom_1730373308536{padding-top: 80px !important;padding-bottom: 80px !important;}&#8221; wpex_bg_overlay=&#8221;color&#8221; wpex_bg_overlay_color=&#8221;accent&#8221; wpex_bg_overlay_opacity=&#8221;1&#8243;][vc_row remove_bottom_col_margin=&#8221;true&#8221;][vc_column][vc_column_text color=&#8221;on-accent&#8221;]\n<h3 class=\"text-d\"><img decoding=\"async\" class=\"img-d\" src=\"\/wp-content\/uploads\/2024\/10\/d-blanca.svg\" alt=\"d'Ara\" width=\"50\" \/>La nostra hist\u00f2ria<\/h3>\n[\/vc_column_text]<!-- ========= Cool Timeline PRO 4.1.1 ========= --><div style=\"opacity:0;\" \r\n    data-showposts=\"20\"\r\n     class=\"cool_timeline cool-timeline-wrapper both-sided-wrapper dark-timeline-wrapper main-design-5\" \r\n     id=\"tm-default-design-5-16\"  \r\n     data-pagination=\"yes\"  \r\n     data-pagination-position=\"right\"><div class=\"cool-timeline ultimate-style  dark-timeline\"><div  class=\"filter-preloaders\"><img src=\"https:\/\/darafamilyoffice.com\/wp-content\/plugins\/cool-timeline-pro\/\/assets\/images\/clt-compact-preloader.gif\"><\/div><div data-animations=\"none\"  id=\"timeline-timeline-stories\" class=\"cooltimeline_cont  clearfix icons_yes\"><!-- .timeline-post-start--><div data-alternate=\"0\" id=\"story-226\" class=\"timeline-post even black-post icons_yes post-226  design-5-meta\"><div class=\"timeline-meta\" data-aos=\"none\"><div class=\"meta-details\"><span class=\"custom_story_lbl\">1924<\/span><span class=\"custom_story_lbl_2\"><\/span><\/div><\/div><div data-aos=\"none\" class=\"timeline-icon icon-larger iconbg-turqoise icon-color-white design-5-icon\">\r\n      <div class=\"icon-placeholder\"><img width=\"109\" height=\"150\" src=\"https:\/\/darafamilyoffice.com\/wp-content\/uploads\/2024\/10\/d-blanca.svg\" class=\"ctl-icon-img\" alt=\"\" \/><\/div><div class=\"timeline-bar\"><\/div><\/div><div  data-aos=\"none\"   class=\"timeline-content  clearfix even  full design-5-content \"><h2 class=\"content-title\">Venta y reparaci\u00f3n Motocicletas | Concesionario Vespa<\/h2><div class=\"ctl_info event-description full\"><div class=\"full-width\"><img width=\"500\" height=\"250\" src=\"https:\/\/darafamilyoffice.com\/wp-content\/uploads\/2024\/05\/logo-motociclismo.jpg\" class=\"story-img wp-post-image\" alt=\"Venta y reparaci\u00f3n Motocicletas | Concesionario Vespa\" srcset=\"https:\/\/darafamilyoffice.com\/wp-content\/uploads\/2024\/05\/logo-motociclismo.jpg 500w, https:\/\/darafamilyoffice.com\/wp-content\/uploads\/2024\/05\/logo-motociclismo-300x150.jpg 300w\" sizes=\"(max-width: 500px) 100vw, 500px\" \/><\/a><\/div><div class=\"content-details\"><\/div><\/div><\/div><!-- timeline content --><\/div>\r\n        <!-- .timeline-post-end --><!-- .timeline-post-start--><div data-alternate=\"1\" id=\"story-237\" class=\"timeline-post odd black-post icons_yes post-237 story-cat-13  design-5-meta\"><div class=\"timeline-meta\" data-aos=\"none\"><div class=\"meta-details\"><span class=\"custom_story_lbl\">1960<\/span><span class=\"custom_story_lbl_2\"><\/span><\/div><\/div><div data-aos=\"none\" class=\"timeline-icon icon-larger iconbg-turqoise icon-color-white design-5-icon\">\r\n      <div class=\"icon-placeholder\"><img width=\"109\" height=\"150\" src=\"https:\/\/darafamilyoffice.com\/wp-content\/uploads\/2024\/10\/d-blanca.svg\" class=\"ctl-icon-img\" alt=\"\" \/><\/div><div class=\"timeline-bar\"><\/div><\/div><div  data-aos=\"none\"   class=\"timeline-content  clearfix odd  full design-5-content \"><h2 class=\"content-title\">Concesionario Oficial Renault<\/h2><div class=\"ctl_info event-description full\"><div class=\"full-width\"><img width=\"500\" height=\"250\" src=\"https:\/\/darafamilyoffice.com\/wp-content\/uploads\/2024\/05\/logo-concesionario.jpg\" class=\"story-img wp-post-image\" alt=\"Concesionario Oficial Renault\" srcset=\"https:\/\/darafamilyoffice.com\/wp-content\/uploads\/2024\/05\/logo-concesionario.jpg 500w, https:\/\/darafamilyoffice.com\/wp-content\/uploads\/2024\/05\/logo-concesionario-300x150.jpg 300w\" sizes=\"(max-width: 500px) 100vw, 500px\" \/><\/a><\/div><div class=\"content-details\"><\/div><\/div><\/div><!-- timeline content --><\/div>\r\n        <!-- .timeline-post-end --><!-- .timeline-post-start--><div data-alternate=\"2\" id=\"story-256\" class=\"timeline-post even black-post icons_yes post-256 story-cat-13  design-5-meta\"><div class=\"timeline-meta\" data-aos=\"none\"><div class=\"meta-details\"><span class=\"custom_story_lbl\">1970<\/span><span class=\"custom_story_lbl_2\"><\/span><\/div><\/div><div data-aos=\"none\" class=\"timeline-icon icon-larger iconbg-turqoise icon-color-white design-5-icon\">\r\n      <div class=\"icon-placeholder\"><img width=\"109\" height=\"150\" src=\"https:\/\/darafamilyoffice.com\/wp-content\/uploads\/2024\/10\/d-blanca.svg\" class=\"ctl-icon-img\" alt=\"\" \/><\/div><div class=\"timeline-bar\"><\/div><\/div><div  data-aos=\"none\"   class=\"timeline-content  clearfix even  full design-5-content \"><h2 class=\"content-title\">Estaciones de servicio y Promociones inmobiliarias<\/h2><div class=\"ctl_info event-description full\"><div class=\"full-width\"><img width=\"500\" height=\"250\" src=\"https:\/\/darafamilyoffice.com\/wp-content\/uploads\/2024\/05\/logo-inmobiliaria.jpg\" class=\"story-img wp-post-image\" alt=\"Estaciones de servicio y Promociones inmobiliarias\" srcset=\"https:\/\/darafamilyoffice.com\/wp-content\/uploads\/2024\/05\/logo-inmobiliaria.jpg 500w, https:\/\/darafamilyoffice.com\/wp-content\/uploads\/2024\/05\/logo-inmobiliaria-300x150.jpg 300w\" sizes=\"(max-width: 500px) 100vw, 500px\" \/><\/a><\/div><div class=\"content-details\"><\/div><\/div><\/div><!-- timeline content --><\/div>\r\n        <!-- .timeline-post-end --><!-- .timeline-post-start--><div data-alternate=\"3\" id=\"story-257\" class=\"timeline-post odd black-post icons_yes post-257 story-cat-13  design-5-meta\"><div class=\"timeline-meta\" data-aos=\"none\"><div class=\"meta-details\"><span class=\"custom_story_lbl\">1980<\/span><span class=\"custom_story_lbl_2\"><\/span><\/div><\/div><div data-aos=\"none\" class=\"timeline-icon icon-larger iconbg-turqoise icon-color-white design-5-icon\">\r\n      <div class=\"icon-placeholder\"><img width=\"109\" height=\"150\" src=\"https:\/\/darafamilyoffice.com\/wp-content\/uploads\/2024\/10\/d-blanca.svg\" class=\"ctl-icon-img\" alt=\"\" \/><\/div><div class=\"timeline-bar\"><\/div><\/div><div  data-aos=\"none\"   class=\"timeline-content  clearfix odd  full design-5-content \"><h2 class=\"content-title\">Concesionario Multimarca Maresme y Barcelon\u00e9s<\/h2><div class=\"ctl_info event-description full\"><div class=\"full-width\"><img width=\"500\" height=\"250\" src=\"https:\/\/darafamilyoffice.com\/wp-content\/uploads\/2024\/05\/logo-grupdara-gasolinera.jpg\" class=\"story-img wp-post-image\" alt=\"Concesionario Multimarca Maresme y Barcelon\u00e9s\" srcset=\"https:\/\/darafamilyoffice.com\/wp-content\/uploads\/2024\/05\/logo-grupdara-gasolinera.jpg 500w, https:\/\/darafamilyoffice.com\/wp-content\/uploads\/2024\/05\/logo-grupdara-gasolinera-300x150.jpg 300w\" sizes=\"(max-width: 500px) 100vw, 500px\" \/><\/a><\/div><div class=\"content-details\"><\/div><\/div><\/div><!-- timeline content --><\/div>\r\n        <!-- .timeline-post-end --><!-- .timeline-post-start--><div data-alternate=\"4\" id=\"story-258\" class=\"timeline-post even black-post icons_yes post-258 story-cat-13  design-5-meta\"><div class=\"timeline-meta\" data-aos=\"none\"><div class=\"meta-details\"><span class=\"custom_story_lbl\">1995<\/span><span class=\"custom_story_lbl_2\"><\/span><\/div><\/div><div data-aos=\"none\" class=\"timeline-icon icon-larger iconbg-turqoise icon-color-white design-5-icon\">\r\n      <div class=\"icon-placeholder\"><img width=\"109\" height=\"150\" src=\"https:\/\/darafamilyoffice.com\/wp-content\/uploads\/2024\/10\/d-blanca.svg\" class=\"ctl-icon-img\" alt=\"\" \/><\/div><div class=\"timeline-bar\"><\/div><\/div><div  data-aos=\"none\"   class=\"timeline-content  clearfix even  full design-5-content \"><h2 class=\"content-title\">Edificio Auto d&#8217;Ara<\/h2><div class=\"ctl_info event-description full\"><div class=\"full-width\"><img width=\"500\" height=\"250\" src=\"https:\/\/darafamilyoffice.com\/wp-content\/uploads\/2024\/05\/logo-autodara.jpg\" class=\"story-img wp-post-image\" alt=\"Edificio Auto d&#8217;Ara\" srcset=\"https:\/\/darafamilyoffice.com\/wp-content\/uploads\/2024\/05\/logo-autodara.jpg 500w, https:\/\/darafamilyoffice.com\/wp-content\/uploads\/2024\/05\/logo-autodara-300x150.jpg 300w\" sizes=\"(max-width: 500px) 100vw, 500px\" \/><\/a><\/div><div class=\"content-details\"><\/div><\/div><\/div><!-- timeline content --><\/div>\r\n        <!-- .timeline-post-end --><!-- .timeline-post-start--><div data-alternate=\"5\" id=\"story-259\" class=\"timeline-post odd black-post icons_yes post-259 story-cat-13  design-5-meta\"><div class=\"timeline-meta\" data-aos=\"none\"><div class=\"meta-details\"><span class=\"custom_story_lbl\">2009<\/span><span class=\"custom_story_lbl_2\"><\/span><\/div><\/div><div data-aos=\"none\" class=\"timeline-icon icon-larger iconbg-turqoise icon-color-white design-5-icon\">\r\n      <div class=\"icon-placeholder\"><img width=\"109\" height=\"150\" src=\"https:\/\/darafamilyoffice.com\/wp-content\/uploads\/2024\/10\/d-blanca.svg\" class=\"ctl-icon-img\" alt=\"\" \/><\/div><div class=\"timeline-bar\"><\/div><\/div><div  data-aos=\"none\"   class=\"timeline-content  clearfix odd  full design-5-content \"><h2 class=\"content-title\">Family Office<\/h2><div class=\"ctl_info event-description full\"><div class=\"full-width\"><img width=\"500\" height=\"250\" src=\"https:\/\/darafamilyoffice.com\/wp-content\/uploads\/2024\/05\/logos-historia-family-office.png\" class=\"story-img wp-post-image\" alt=\"Family Office\" srcset=\"https:\/\/darafamilyoffice.com\/wp-content\/uploads\/2024\/05\/logos-historia-family-office.png 500w, https:\/\/darafamilyoffice.com\/wp-content\/uploads\/2024\/05\/logos-historia-family-office-300x150.png 300w\" sizes=\"(max-width: 500px) 100vw, 500px\" \/><\/a><\/div><div class=\"content-details\"><p>(inversores de empresas de nueva creaci\u00f3n y Business Angel)<\/p>\n<\/div><\/div><\/div><!-- timeline content --><\/div>\r\n        <!-- .timeline-post-end --><!-- .timeline-post-start--><div data-alternate=\"6\" id=\"story-260\" class=\"timeline-post even black-post icons_yes post-260 story-cat-13  design-5-meta\"><div class=\"timeline-meta\" data-aos=\"none\"><div class=\"meta-details\"><span class=\"custom_story_lbl\">2024<\/span><span class=\"custom_story_lbl_2\"><\/span><\/div><\/div><div data-aos=\"none\" class=\"timeline-icon icon-larger iconbg-turqoise icon-color-white design-5-icon\">\r\n      <div class=\"icon-placeholder\"><img width=\"109\" height=\"150\" src=\"https:\/\/darafamilyoffice.com\/wp-content\/uploads\/2024\/10\/d-blanca.svg\" class=\"ctl-icon-img\" alt=\"\" \/><\/div><div class=\"timeline-bar\"><\/div><\/div><div  data-aos=\"none\"   class=\"timeline-content  clearfix even  full design-5-content \"><h2 class=\"content-title\">100 A\u00f1os de trayectoria<\/h2><div class=\"ctl_info event-description full\"><div class=\"full-width\"><img width=\"500\" height=\"250\" src=\"https:\/\/darafamilyoffice.com\/wp-content\/uploads\/2024\/05\/logo-darafamilyoffice-1.jpg\" class=\"story-img wp-post-image\" alt=\"100 A\u00f1os de trayectoria\" srcset=\"https:\/\/darafamilyoffice.com\/wp-content\/uploads\/2024\/05\/logo-darafamilyoffice-1.jpg 500w, https:\/\/darafamilyoffice.com\/wp-content\/uploads\/2024\/05\/logo-darafamilyoffice-1-300x150.jpg 300w\" sizes=\"(max-width: 500px) 100vw, 500px\" \/><\/a><\/div><div class=\"content-details\"><div class=\"wpb-content-wrapper\">[vc_row][vc_column]<div class=\"vcex-toggle vcex-module\" data-animate=\"true\" data-duration=\"300\"><div class=\"vcex-toggle__heading\"><a href=\"#lorem-ipsum-dolor-sit-amet\" class=\"vcex-toggle__trigger wpex-flex wpex-items-center wpex-transition-colors\" aria-expanded=\"false\" aria-controls=\"lorem-ipsum-dolor-sit-amet\"><div class=\"vcex-toggle__icon wpex-flex wpex-items-center wpex-justify-center wpex-mr-10\" aria-hidden=\"true\"><div class=\"vcex-toggle__icon-open wpex-flex wpex-flex-col wpex-items-center\"><svg xmlns=\"http:\/\/www.w3.org\/2000\/svg\" height=\"1.5em\" viewBox=\"0 0 24 24\" width=\"1.5em\" fill=\"currentColor\" class=\"vcex-toggle__icon-open\"><path d=\"M0 0h24v24H0V0z\" fill=\"none\"\/><path d=\"M19 13h-6v6h-2v-6H5v-2h6V5h2v6h6v2z\"\/><\/svg><\/div><div class=\"vcex-toggle__icon-close wpex-flex wpex-flex-col wpex-items-center\"><svg xmlns=\"http:\/\/www.w3.org\/2000\/svg\" height=\"1.5em\" viewBox=\"0 0 24 24\" width=\"1.5em\" fill=\"currentColor\" class=\"vcex-toggle__icon-close\"><path d=\"M0 0h24v24H0V0z\" fill=\"none\"\/><path d=\"M19 13H5v-2h14v2z\"\/><\/svg><\/div><\/div><div class=\"vcex-toggle__title\">Lorem ipsum dolor sit amet?<\/div><\/a><\/div><div id=\"lorem-ipsum-dolor-sit-amet\" class=\"vcex-toggle__content wpex-last-mb-0 wpex-my-10 wpex-clr\"><p>Lorem ipsum dolor sit amet, consectetur adipiscing elit. Nulla eros urna, aliquet et porttitor in, congue ut risus. Nunc placerat faucibus ligula a mattis.<\/p>\n<\/div><\/div>[\/vc_column][\/vc_row]\n<\/div><\/div><\/div><\/div><!-- timeline content --><\/div>\r\n        <!-- .timeline-post-end --><!-- .timeline-post-start--><div data-alternate=\"7\" id=\"story-2658\" class=\"timeline-post odd black-post icons_yes post-2658 story-cat-13  design-5-meta\"><div class=\"timeline-meta\" data-aos=\"none\"><div class=\"meta-details\"><span class=\"custom_story_lbl\">2026<\/span><span class=\"custom_story_lbl_2\"><\/span><\/div><\/div><div data-aos=\"none\" class=\"timeline-icon icon-larger iconbg-turqoise icon-color-white design-5-icon\">\r\n      <div class=\"icon-placeholder\"><img width=\"109\" height=\"150\" src=\"https:\/\/darafamilyoffice.com\/wp-content\/uploads\/2024\/10\/d-blanca.svg\" class=\"ctl-icon-img\" alt=\"\" \/><\/div><div class=\"timeline-bar\"><\/div><\/div><div  data-aos=\"none\"   class=\"timeline-content  clearfix odd  full design-5-content \"><h2 class=\"content-title\">30 A\u00f1os Torre d&#8217;Ara<\/h2><div class=\"ctl_info event-description full\"><div class=\"full-width\"><img width=\"980\" height=\"615\" src=\"https:\/\/darafamilyoffice.com\/wp-content\/uploads\/2026\/01\/Logo-Torre-Ara-30Anys-01-1024x643.png\" class=\"story-img wp-post-image\" alt=\"30 A\u00f1os Torre d&#8217;Ara\" srcset=\"https:\/\/darafamilyoffice.com\/wp-content\/uploads\/2026\/01\/Logo-Torre-Ara-30Anys-01-1024x643.png 1024w, https:\/\/darafamilyoffice.com\/wp-content\/uploads\/2026\/01\/Logo-Torre-Ara-30Anys-01-300x188.png 300w, https:\/\/darafamilyoffice.com\/wp-content\/uploads\/2026\/01\/Logo-Torre-Ara-30Anys-01-768x482.png 768w, https:\/\/darafamilyoffice.com\/wp-content\/uploads\/2026\/01\/Logo-Torre-Ara-30Anys-01.png 1154w\" sizes=\"(max-width: 980px) 100vw, 980px\" \/><\/a><\/div><div class=\"content-details\"><\/div><\/div><\/div><!-- timeline content --><\/div>\r\n        <!-- .timeline-post-end --><style type=\"text\/css\"><\/style><div  class=\"end-timeline clearfix\"><\/div><\/div><\/div><\/div>  <!-- end\r\n================================================== --><style type=\"text\/css\"><\/style>[\/vc_column][\/vc_row][\/vc_section][vc_section full_width=&#8221;stretch_row_content&#8221; css=&#8221;.vc_custom_1730709475728{padding-top: 80px !important;padding-bottom: 80px !important;background-color: #f7f7f7 !important;}&#8221;][vc_row max_width_custom=&#8221;1500px&#8221;][vc_column]<style class=\"vcex-carousel-preload-css\">.vcex_69f2ebf96a082{--wpex-carousel-gap:15px;}.vcex_69f2ebf96a082{--wpex-carousel-columns:1;}.vcex_69f2ebf96a082.wpex-carousel:not(.wpex-carousel--loaded) > *:not(:nth-child(1n+2)){display: flex !important;}@media only screen and (min-width: 480px) {.vcex_69f2ebf96a082{--wpex-carousel-columns:2;}.vcex_69f2ebf96a082.wpex-carousel:not(.wpex-carousel--loaded) > *:not(:nth-child(1n+3)){display: flex !important;}}@media only screen and (min-width: 768px) {.vcex_69f2ebf96a082{--wpex-carousel-columns:3;}.vcex_69f2ebf96a082.wpex-carousel:not(.wpex-carousel--loaded) > *:not(:nth-child(1n+4)){display: flex !important;}}@media only screen and (min-width: 960px) {.vcex_69f2ebf96a082{--wpex-carousel-columns:3;}.vcex_69f2ebf96a082.wpex-carousel:not(.wpex-carousel--loaded) > *:not(:nth-child(1n+4)){display: flex !important;}}<\/style><div class=\"vcex-image-carousel wpex-carousel wpex-carousel-images wpex-clr vcex-module owl-carousel wpex-carousel--render-onload vcex_69f2ebf96a082 arrwstyle-slim arrwpos-abs wpex-carousel-lightbox\" data-wpex-carousel=\"{&quot;slideBy&quot;:1,&quot;items&quot;:3,&quot;responsive&quot;:{&quot;0&quot;:{&quot;items&quot;:&quot;1&quot;},&quot;480&quot;:{&quot;items&quot;:&quot;2&quot;},&quot;768&quot;:{&quot;items&quot;:&quot;3&quot;},&quot;960&quot;:{&quot;items&quot;:3}}}\"><div class=\"wpex-carousel-slide\"><figure class=\"wpex-carousel-entry-media entry-media wpex-relative\"><a href=\"https:\/\/darafamilyoffice.com\/wp-content\/uploads\/2024\/07\/33082-JPG-026-scaled.jpg\" class=\"wpex-carousel-entry-img wpex-carousel-lightbox-item\" data-count=\"1\" data-show_title=\"false\"><img width=\"2560\" height=\"1730\" src=\"https:\/\/darafamilyoffice.com\/wp-content\/uploads\/2024\/07\/33082-JPG-026-scaled.jpg\" class=\"wpex-align-middle skip-lazy\" alt=\"\" data-no-lazy=\"1\" srcset=\"https:\/\/darafamilyoffice.com\/wp-content\/uploads\/2024\/07\/33082-JPG-026-scaled.jpg 2560w, https:\/\/darafamilyoffice.com\/wp-content\/uploads\/2024\/07\/33082-JPG-026-300x203.jpg 300w, https:\/\/darafamilyoffice.com\/wp-content\/uploads\/2024\/07\/33082-JPG-026-1024x692.jpg 1024w, https:\/\/darafamilyoffice.com\/wp-content\/uploads\/2024\/07\/33082-JPG-026-768x519.jpg 768w, https:\/\/darafamilyoffice.com\/wp-content\/uploads\/2024\/07\/33082-JPG-026-1536x1038.jpg 1536w, https:\/\/darafamilyoffice.com\/wp-content\/uploads\/2024\/07\/33082-JPG-026-2048x1384.jpg 2048w\" sizes=\"(max-width: 2560px) 100vw, 2560px\" \/><\/a><\/figure><\/div><div class=\"wpex-carousel-slide\"><figure class=\"wpex-carousel-entry-media entry-media wpex-relative\"><a href=\"https:\/\/darafamilyoffice.com\/wp-content\/uploads\/2024\/07\/33082-JPG-003-scaled.jpg\" class=\"wpex-carousel-entry-img wpex-carousel-lightbox-item\" data-count=\"2\" data-show_title=\"false\"><img width=\"2560\" height=\"1706\" src=\"https:\/\/darafamilyoffice.com\/wp-content\/uploads\/2024\/07\/33082-JPG-003-scaled.jpg\" class=\"wpex-align-middle skip-lazy\" alt=\"\" data-no-lazy=\"1\" srcset=\"https:\/\/darafamilyoffice.com\/wp-content\/uploads\/2024\/07\/33082-JPG-003-scaled.jpg 2560w, https:\/\/darafamilyoffice.com\/wp-content\/uploads\/2024\/07\/33082-JPG-003-300x200.jpg 300w, https:\/\/darafamilyoffice.com\/wp-content\/uploads\/2024\/07\/33082-JPG-003-1024x682.jpg 1024w, https:\/\/darafamilyoffice.com\/wp-content\/uploads\/2024\/07\/33082-JPG-003-768x512.jpg 768w, https:\/\/darafamilyoffice.com\/wp-content\/uploads\/2024\/07\/33082-JPG-003-1536x1024.jpg 1536w, https:\/\/darafamilyoffice.com\/wp-content\/uploads\/2024\/07\/33082-JPG-003-2048x1365.jpg 2048w\" sizes=\"(max-width: 2560px) 100vw, 2560px\" \/><\/a><\/figure><\/div><div class=\"wpex-carousel-slide\"><figure class=\"wpex-carousel-entry-media entry-media wpex-relative\"><a href=\"https:\/\/darafamilyoffice.com\/wp-content\/uploads\/2024\/07\/33082-JPG-006-scaled.jpg\" class=\"wpex-carousel-entry-img wpex-carousel-lightbox-item\" data-count=\"3\" data-show_title=\"false\"><img width=\"2560\" height=\"1714\" src=\"https:\/\/darafamilyoffice.com\/wp-content\/uploads\/2024\/07\/33082-JPG-006-scaled.jpg\" class=\"wpex-align-middle skip-lazy\" alt=\"\" data-no-lazy=\"1\" srcset=\"https:\/\/darafamilyoffice.com\/wp-content\/uploads\/2024\/07\/33082-JPG-006-scaled.jpg 2560w, https:\/\/darafamilyoffice.com\/wp-content\/uploads\/2024\/07\/33082-JPG-006-300x201.jpg 300w, https:\/\/darafamilyoffice.com\/wp-content\/uploads\/2024\/07\/33082-JPG-006-1024x685.jpg 1024w, https:\/\/darafamilyoffice.com\/wp-content\/uploads\/2024\/07\/33082-JPG-006-768x514.jpg 768w, https:\/\/darafamilyoffice.com\/wp-content\/uploads\/2024\/07\/33082-JPG-006-1536x1028.jpg 1536w, https:\/\/darafamilyoffice.com\/wp-content\/uploads\/2024\/07\/33082-JPG-006-2048x1371.jpg 2048w\" sizes=\"(max-width: 2560px) 100vw, 2560px\" \/><\/a><\/figure><\/div><div class=\"wpex-carousel-slide\"><figure class=\"wpex-carousel-entry-media entry-media wpex-relative\"><a href=\"https:\/\/darafamilyoffice.com\/wp-content\/uploads\/2024\/07\/33082-JPG-49-scaled.jpg\" class=\"wpex-carousel-entry-img wpex-carousel-lightbox-item\" data-count=\"4\" data-show_title=\"false\"><img width=\"2560\" height=\"1721\" src=\"https:\/\/darafamilyoffice.com\/wp-content\/uploads\/2024\/07\/33082-JPG-49-scaled.jpg\" class=\"wpex-align-middle skip-lazy\" alt=\"\" data-no-lazy=\"1\" srcset=\"https:\/\/darafamilyoffice.com\/wp-content\/uploads\/2024\/07\/33082-JPG-49-scaled.jpg 2560w, https:\/\/darafamilyoffice.com\/wp-content\/uploads\/2024\/07\/33082-JPG-49-300x202.jpg 300w, https:\/\/darafamilyoffice.com\/wp-content\/uploads\/2024\/07\/33082-JPG-49-1024x688.jpg 1024w, https:\/\/darafamilyoffice.com\/wp-content\/uploads\/2024\/07\/33082-JPG-49-768x516.jpg 768w, https:\/\/darafamilyoffice.com\/wp-content\/uploads\/2024\/07\/33082-JPG-49-1536x1033.jpg 1536w, https:\/\/darafamilyoffice.com\/wp-content\/uploads\/2024\/07\/33082-JPG-49-2048x1377.jpg 2048w\" sizes=\"(max-width: 2560px) 100vw, 2560px\" \/><\/a><\/figure><\/div><\/div>[\/vc_column][\/vc_row][\/vc_section]\n<\/div>","protected":false},"excerpt":{"rendered":"<p>[vc_section full_width=&#8221;stretch_row&#8221; wpex_bg_overlay=&#8221;color&#8221; wpex_bg_overlay_color=&#8221;accent&#8221; wpex_bg_overlay_opacity=&#8221;0.9&#8243; css=&#8221;.vc_custom_1730368913163{padding-top: 80px !important;padding-bottom: 80px !important;background-image: url(https:\/\/darafamilyoffice.com\/wp-content\/uploads\/2024\/10\/title-header-bg.jpg?id=610) !important;background-position: center !important;background-repeat: no-repeat !important;background-size: cover !important;}&#8221;][vc_row remove_bottom_col_margin=&#8221;true&#8221;][vc_column][\/vc_column][\/vc_row][\/vc_section][vc_section full_width=&#8221;stretch_row&#8221; css=&#8221;.vc_custom_1730709289194{padding-top: 80px !important;padding-bottom: 40px !important;}&#8221;][vc_row content_placement=&#8221;middle&#8221; remove_bottom_col_margin=&#8221;true&#8221; css=&#8221;.vc_custom_1730709317828{padding-bottom: 50px !important;}&#8221;][vc_column][vc_column_text css=&#8221;.vc_custom_1730375205389{padding-left: 4% !important;}&#8221; font_size=&#8221;20px&#8221; font_family=&#8221;Montserrat&#8221; font_weight=&#8221;300&#8243;]La hist\u00f2ria de D&#8217;Ara Family Office \u00e9s la hist\u00f2ria d&#8217;una fam\u00edlia que, durant tres generacions, ha sabut construir el seu&hellip;<\/p>\n","protected":false},"author":1,"featured_media":0,"parent":0,"menu_order":0,"comment_status":"closed","ping_status":"closed","template":"","meta":{"footnotes":""},"class_list":["post-1106","page","type-page","status-publish","hentry","entry","no-media"],"yoast_head":"<!-- This site is optimized with the Yoast SEO plugin v24.3 - https:\/\/yoast.com\/wordpress\/plugins\/seo\/ -->\n<title>Hist\u00f2ria - d&#039;Ara Family Office<\/title>\n<meta name=\"robots\" content=\"index, follow, max-snippet:-1, max-image-preview:large, max-video-preview:-1\" \/>\n<link rel=\"canonical\" href=\"https:\/\/darafamilyoffice.com\/ca\/historia\/\" \/>\n<meta property=\"og:locale\" content=\"ca_ES\" \/>\n<meta property=\"og:type\" content=\"article\" \/>\n<meta property=\"og:title\" content=\"Hist\u00f2ria - d&#039;Ara Family Office\" \/>\n<meta property=\"og:description\" content=\"[vc_section full_width=&#8221;stretch_row&#8221; wpex_bg_overlay=&#8221;color&#8221; wpex_bg_overlay_color=&#8221;accent&#8221; wpex_bg_overlay_opacity=&#8221;0.9&#8243; css=&#8221;.vc_custom_1730368913163{padding-top: 80px !important;padding-bottom: 80px !important;background-image: url(https:\/\/darafamilyoffice.com\/wp-content\/uploads\/2024\/10\/title-header-bg.jpg?id=610) !important;background-position: center !important;background-repeat: no-repeat !important;background-size: cover !important;}&#8221;][vc_row remove_bottom_col_margin=&#8221;true&#8221;][vc_column][\/vc_column][\/vc_row][\/vc_section][vc_section full_width=&#8221;stretch_row&#8221; css=&#8221;.vc_custom_1730709289194{padding-top: 80px !important;padding-bottom: 40px !important;}&#8221;][vc_row content_placement=&#8221;middle&#8221; remove_bottom_col_margin=&#8221;true&#8221; css=&#8221;.vc_custom_1730709317828{padding-bottom: 50px !important;}&#8221;][vc_column][vc_column_text css=&#8221;.vc_custom_1730375205389{padding-left: 4% !important;}&#8221; font_size=&#8221;20px&#8221; font_family=&#8221;Montserrat&#8221; font_weight=&#8221;300&#8243;]La hist\u00f2ria de D&#8217;Ara Family Office \u00e9s la hist\u00f2ria d&#8217;una fam\u00edlia que, durant tres generacions, ha sabut construir el seu&hellip;\" \/>\n<meta property=\"og:url\" content=\"https:\/\/darafamilyoffice.com\/ca\/historia\/\" \/>\n<meta property=\"og:site_name\" content=\"d&#039;Ara Family Office\" \/>\n<meta property=\"article:modified_time\" content=\"2025-01-28T10:04:51+00:00\" \/>\n<meta name=\"twitter:card\" content=\"summary_large_image\" \/>\n<meta name=\"twitter:label1\" content=\"Temps estimat de lectura\" \/>\n\t<meta name=\"twitter:data1\" content=\"3 minuts\" \/>\n<script type=\"application\/ld+json\" class=\"yoast-schema-graph\">{\"@context\":\"https:\/\/schema.org\",\"@graph\":[{\"@type\":\"WebPage\",\"@id\":\"https:\/\/darafamilyoffice.com\/ca\/historia\/\",\"url\":\"https:\/\/darafamilyoffice.com\/ca\/historia\/\",\"name\":\"Hist\u00f2ria - d&#039;Ara Family Office\",\"isPartOf\":{\"@id\":\"https:\/\/darafamilyoffice.com\/#website\"},\"datePublished\":\"2024-05-22T07:28:46+00:00\",\"dateModified\":\"2025-01-28T10:04:51+00:00\",\"breadcrumb\":{\"@id\":\"https:\/\/darafamilyoffice.com\/ca\/historia\/#breadcrumb\"},\"inLanguage\":\"ca\",\"potentialAction\":[{\"@type\":\"ReadAction\",\"target\":[\"https:\/\/darafamilyoffice.com\/ca\/historia\/\"]}]},{\"@type\":\"BreadcrumbList\",\"@id\":\"https:\/\/darafamilyoffice.com\/ca\/historia\/#breadcrumb\",\"itemListElement\":[{\"@type\":\"ListItem\",\"position\":1,\"name\":\"Home\",\"item\":\"https:\/\/darafamilyoffice.com\/ca\/\"},{\"@type\":\"ListItem\",\"position\":2,\"name\":\"Hist\u00f2ria\"}]},{\"@type\":\"WebSite\",\"@id\":\"https:\/\/darafamilyoffice.com\/#website\",\"url\":\"https:\/\/darafamilyoffice.com\/\",\"name\":\"d&#039;Ara Family Office\",\"description\":\"\",\"publisher\":{\"@id\":\"https:\/\/darafamilyoffice.com\/#organization\"},\"potentialAction\":[{\"@type\":\"SearchAction\",\"target\":{\"@type\":\"EntryPoint\",\"urlTemplate\":\"https:\/\/darafamilyoffice.com\/?s={search_term_string}\"},\"query-input\":{\"@type\":\"PropertyValueSpecification\",\"valueRequired\":true,\"valueName\":\"search_term_string\"}}],\"inLanguage\":\"ca\"},{\"@type\":\"Organization\",\"@id\":\"https:\/\/darafamilyoffice.com\/#organization\",\"name\":\"d&#039;Ara Family Office\",\"url\":\"https:\/\/darafamilyoffice.com\/\",\"logo\":{\"@type\":\"ImageObject\",\"inLanguage\":\"ca\",\"@id\":\"https:\/\/darafamilyoffice.com\/#\/schema\/logo\/image\/\",\"url\":\"https:\/\/darafamilyoffice.com\/wp-content\/uploads\/2024\/05\/logo-family-office.svg\",\"contentUrl\":\"https:\/\/darafamilyoffice.com\/wp-content\/uploads\/2024\/05\/logo-family-office.svg\",\"width\":351.8,\"height\":207,\"caption\":\"d&#039;Ara Family Office\"},\"image\":{\"@id\":\"https:\/\/darafamilyoffice.com\/#\/schema\/logo\/image\/\"}}]}<\/script>\n<!-- \/ Yoast SEO plugin. -->","yoast_head_json":{"title":"Hist\u00f2ria - d&#039;Ara Family Office","robots":{"index":"index","follow":"follow","max-snippet":"max-snippet:-1","max-image-preview":"max-image-preview:large","max-video-preview":"max-video-preview:-1"},"canonical":"https:\/\/darafamilyoffice.com\/ca\/historia\/","og_locale":"ca_ES","og_type":"article","og_title":"Hist\u00f2ria - d&#039;Ara Family Office","og_description":"[vc_section full_width=&#8221;stretch_row&#8221; wpex_bg_overlay=&#8221;color&#8221; wpex_bg_overlay_color=&#8221;accent&#8221; wpex_bg_overlay_opacity=&#8221;0.9&#8243; css=&#8221;.vc_custom_1730368913163{padding-top: 80px !important;padding-bottom: 80px !important;background-image: url(https:\/\/darafamilyoffice.com\/wp-content\/uploads\/2024\/10\/title-header-bg.jpg?id=610) !important;background-position: center !important;background-repeat: no-repeat !important;background-size: cover !important;}&#8221;][vc_row remove_bottom_col_margin=&#8221;true&#8221;][vc_column][\/vc_column][\/vc_row][\/vc_section][vc_section full_width=&#8221;stretch_row&#8221; css=&#8221;.vc_custom_1730709289194{padding-top: 80px !important;padding-bottom: 40px !important;}&#8221;][vc_row content_placement=&#8221;middle&#8221; remove_bottom_col_margin=&#8221;true&#8221; css=&#8221;.vc_custom_1730709317828{padding-bottom: 50px !important;}&#8221;][vc_column][vc_column_text css=&#8221;.vc_custom_1730375205389{padding-left: 4% !important;}&#8221; font_size=&#8221;20px&#8221; font_family=&#8221;Montserrat&#8221; font_weight=&#8221;300&#8243;]La hist\u00f2ria de D&#8217;Ara Family Office \u00e9s la hist\u00f2ria d&#8217;una fam\u00edlia que, durant tres generacions, ha sabut construir el seu&hellip;","og_url":"https:\/\/darafamilyoffice.com\/ca\/historia\/","og_site_name":"d&#039;Ara Family Office","article_modified_time":"2025-01-28T10:04:51+00:00","twitter_card":"summary_large_image","twitter_misc":{"Temps estimat de lectura":"3 minuts"},"schema":{"@context":"https:\/\/schema.org","@graph":[{"@type":"WebPage","@id":"https:\/\/darafamilyoffice.com\/ca\/historia\/","url":"https:\/\/darafamilyoffice.com\/ca\/historia\/","name":"Hist\u00f2ria - d&#039;Ara Family Office","isPartOf":{"@id":"https:\/\/darafamilyoffice.com\/#website"},"datePublished":"2024-05-22T07:28:46+00:00","dateModified":"2025-01-28T10:04:51+00:00","breadcrumb":{"@id":"https:\/\/darafamilyoffice.com\/ca\/historia\/#breadcrumb"},"inLanguage":"ca","potentialAction":[{"@type":"ReadAction","target":["https:\/\/darafamilyoffice.com\/ca\/historia\/"]}]},{"@type":"BreadcrumbList","@id":"https:\/\/darafamilyoffice.com\/ca\/historia\/#breadcrumb","itemListElement":[{"@type":"ListItem","position":1,"name":"Home","item":"https:\/\/darafamilyoffice.com\/ca\/"},{"@type":"ListItem","position":2,"name":"Hist\u00f2ria"}]},{"@type":"WebSite","@id":"https:\/\/darafamilyoffice.com\/#website","url":"https:\/\/darafamilyoffice.com\/","name":"d&#039;Ara Family Office","description":"","publisher":{"@id":"https:\/\/darafamilyoffice.com\/#organization"},"potentialAction":[{"@type":"SearchAction","target":{"@type":"EntryPoint","urlTemplate":"https:\/\/darafamilyoffice.com\/?s={search_term_string}"},"query-input":{"@type":"PropertyValueSpecification","valueRequired":true,"valueName":"search_term_string"}}],"inLanguage":"ca"},{"@type":"Organization","@id":"https:\/\/darafamilyoffice.com\/#organization","name":"d&#039;Ara Family Office","url":"https:\/\/darafamilyoffice.com\/","logo":{"@type":"ImageObject","inLanguage":"ca","@id":"https:\/\/darafamilyoffice.com\/#\/schema\/logo\/image\/","url":"https:\/\/darafamilyoffice.com\/wp-content\/uploads\/2024\/05\/logo-family-office.svg","contentUrl":"https:\/\/darafamilyoffice.com\/wp-content\/uploads\/2024\/05\/logo-family-office.svg","width":351.8,"height":207,"caption":"d&#039;Ara Family Office"},"image":{"@id":"https:\/\/darafamilyoffice.com\/#\/schema\/logo\/image\/"}}]}},"_links":{"self":[{"href":"https:\/\/darafamilyoffice.com\/ca\/wp-json\/wp\/v2\/pages\/1106","targetHints":{"allow":["GET"]}}],"collection":[{"href":"https:\/\/darafamilyoffice.com\/ca\/wp-json\/wp\/v2\/pages"}],"about":[{"href":"https:\/\/darafamilyoffice.com\/ca\/wp-json\/wp\/v2\/types\/page"}],"author":[{"embeddable":true,"href":"https:\/\/darafamilyoffice.com\/ca\/wp-json\/wp\/v2\/users\/1"}],"replies":[{"embeddable":true,"href":"https:\/\/darafamilyoffice.com\/ca\/wp-json\/wp\/v2\/comments?post=1106"}],"version-history":[{"count":4,"href":"https:\/\/darafamilyoffice.com\/ca\/wp-json\/wp\/v2\/pages\/1106\/revisions"}],"predecessor-version":[{"id":1141,"href":"https:\/\/darafamilyoffice.com\/ca\/wp-json\/wp\/v2\/pages\/1106\/revisions\/1141"}],"wp:attachment":[{"href":"https:\/\/darafamilyoffice.com\/ca\/wp-json\/wp\/v2\/media?parent=1106"}],"curies":[{"name":"wp","href":"https:\/\/api.w.org\/{rel}","templated":true}]}}